{"id":987,"date":"2022-06-10T04:04:07","date_gmt":"2022-06-10T04:04:07","guid":{"rendered":"https:\/\/folievoltaire.ch\/?page_id=987"},"modified":"2025-05-29T06:27:11","modified_gmt":"2025-05-29T06:27:11","slug":"evenements","status":"publish","type":"page","link":"https:\/\/folievoltaire.ch\/index.php\/evenements\/","title":{"rendered":"Ev\u00e9nements"},"content":{"rendered":"\n<p class=\"wp-block-paragraph\"><strong>PROCHAINEMENT<\/strong><\/p>\n\n\n\n<p class=\"wp-block-paragraph\">Samedi 7 juin de 10h \u00e0 16h &#8211; March\u00e9 aux Puces, Friperie et Artisanat sur l&rsquo;Esplanade des Marronniers \u00e0 la Folie !<\/p>\n\n\n\n<figure class=\"wp-block-image size-large\"><img loading=\"lazy\" decoding=\"async\" width=\"722\" height=\"1024\" src=\"https:\/\/folievoltaire.ch\/wp-content\/uploads\/2024\/08\/affiche-7-juin--722x1024.jpg\" alt=\"\" class=\"wp-image-2770\" srcset=\"https:\/\/folievoltaire.ch\/wp-content\/uploads\/2024\/08\/affiche-7-juin--722x1024.jpg 722w, https:\/\/folievoltaire.ch\/wp-content\/uploads\/2024\/08\/affiche-7-juin--211x300.jpg 211w, https:\/\/folievoltaire.ch\/wp-content\/uploads\/2024\/08\/affiche-7-juin--768x1089.jpg 768w, https:\/\/folievoltaire.ch\/wp-content\/uploads\/2024\/08\/affiche-7-juin--1083x1536.jpg 1083w, https:\/\/folievoltaire.ch\/wp-content\/uploads\/2024\/08\/affiche-7-juin--1444x2048.jpg 1444w, https:\/\/folievoltaire.ch\/wp-content\/uploads\/2024\/08\/affiche-7-juin-.jpg 1744w\" sizes=\"auto, (max-width: 722px) 100vw, 722px\" \/><\/figure>\n\n\n\n<p class=\"wp-block-paragraph\"><\/p>\n\n\n\n<p class=\"wp-block-paragraph\"><strong>FESTIVAL<\/strong> <strong>VINS, POISSON ET MUSIQUE<\/strong> <strong> <\/strong><\/p>\n\n\n\n<figure class=\"wp-block-image size-full is-resized\"><img loading=\"lazy\" decoding=\"async\" width=\"1748\" height=\"2480\" src=\"https:\/\/folievoltaire.ch\/wp-content\/uploads\/2024\/08\/flyer-2024-02-out-copy03.jpg\" alt=\"\" class=\"wp-image-2540\" style=\"width:579px;height:auto\" srcset=\"https:\/\/folievoltaire.ch\/wp-content\/uploads\/2024\/08\/flyer-2024-02-out-copy03.jpg 1748w, https:\/\/folievoltaire.ch\/wp-content\/uploads\/2024\/08\/flyer-2024-02-out-copy03-211x300.jpg 211w, https:\/\/folievoltaire.ch\/wp-content\/uploads\/2024\/08\/flyer-2024-02-out-copy03-722x1024.jpg 722w, https:\/\/folievoltaire.ch\/wp-content\/uploads\/2024\/08\/flyer-2024-02-out-copy03-768x1090.jpg 768w, https:\/\/folievoltaire.ch\/wp-content\/uploads\/2024\/08\/flyer-2024-02-out-copy03-1083x1536.jpg 1083w, https:\/\/folievoltaire.ch\/wp-content\/uploads\/2024\/08\/flyer-2024-02-out-copy03-1444x2048.jpg 1444w\" sizes=\"auto, (max-width: 1748px) 100vw, 1748px\" \/><\/figure>\n\n\n\n<p class=\"wp-block-paragraph\"><strong>PROGRAMME DES CONCERTS:<\/strong><\/p>\n\n\n\n<p class=\"wp-block-paragraph\"><strong>Jeudi 5<\/strong> septembre de 19h \u00e0 21h : <em><strong>M\u00e9lanie(voix) &amp; Marcel Moratti <\/strong><\/em>(guitare) Jazz standards and Pop Jazz<\/p>\n\n\n\n<p class=\"wp-block-paragraph\"><strong>Vendredi 9<\/strong> septembre de 19h \u00e0 21h30 : <em><strong>Antonella Vuillens &amp; Friends<\/strong><\/em> &#8211; Swing<\/p>\n\n\n\n<p class=\"wp-block-paragraph\"><strong>Samedi 7<\/strong> septembre de 19h30 \u00e0 22h30 : <strong><em>ACatalina Monnay <\/em><\/strong> &#8211; Latin Jazz<\/p>\n\n\n\n<p class=\"wp-block-paragraph\"><strong>Dimanche 8<\/strong> septembre : de 12h \u00e0 13h15 : <em><strong>\u00ab\u00a0Walking Eyes feat. lbs\u00a0\u00bb &#8211; <\/strong><\/em>Funky Jazz Fusion<\/p>\n\n\n\n<p class=\"wp-block-paragraph\"><strong>Dimanche 8<\/strong> septembre : de 15h \u00e0 17h : <strong><em>\u00ab\u00a0Chroma Sense\u00a0\u00bb <\/em><\/strong> &#8211; Jazz Rock<\/p>\n\n\n\n<p class=\"wp-block-paragraph\"><\/p>\n\n\n\n<p class=\"wp-block-paragraph\"><\/p>\n\n\n\n<p class=\"wp-block-paragraph\"><\/p>\n\n\n\n<p class=\"wp-block-paragraph\"><\/p>\n","protected":false},"excerpt":{"rendered":"<p>PROCHAINEMENT Samedi 7 juin de 10h \u00e0 16h &#8211; March\u00e9 aux Puces, Friperie et Artisanat sur l&rsquo;Esplanade des Marronniers \u00e0 la Folie ! FESTIVAL VINS, &hellip;<\/p>\n","protected":false},"author":1,"featured_media":0,"parent":0,"menu_order":0,"comment_status":"closed","ping_status":"closed","template":"","meta":{"footnotes":""},"class_list":["post-987","page","type-page","status-publish","hentry"],"publishpress_future_action":{"enabled":false,"date":"2026-09-08 06:11:53","action":"change-status","newStatus":"draft","terms":[],"taxonomy":"","extraData":[]},"publishpress_future_workflow_manual_trigger":{"enabledWorkflows":[]},"_links":{"self":[{"href":"https:\/\/folievoltaire.ch\/index.php\/wp-json\/wp\/v2\/pages\/987","targetHints":{"allow":["GET"]}}],"collection":[{"href":"https:\/\/folievoltaire.ch\/index.php\/wp-json\/wp\/v2\/pages"}],"about":[{"href":"https:\/\/folievoltaire.ch\/index.php\/wp-json\/wp\/v2\/types\/page"}],"author":[{"embeddable":true,"href":"https:\/\/folievoltaire.ch\/index.php\/wp-json\/wp\/v2\/users\/1"}],"replies":[{"embeddable":true,"href":"https:\/\/folievoltaire.ch\/index.php\/wp-json\/wp\/v2\/comments?post=987"}],"version-history":[{"count":20,"href":"https:\/\/folievoltaire.ch\/index.php\/wp-json\/wp\/v2\/pages\/987\/revisions"}],"predecessor-version":[{"id":2779,"href":"https:\/\/folievoltaire.ch\/index.php\/wp-json\/wp\/v2\/pages\/987\/revisions\/2779"}],"wp:attachment":[{"href":"https:\/\/folievoltaire.ch\/index.php\/wp-json\/wp\/v2\/media?parent=987"}],"curies":[{"name":"wp","href":"https:\/\/api.w.org\/{rel}","templated":true}]}}